{"version":"1.0","provider_name":"Wellington Rabello","provider_url":"https:\/\/jornalpequeno.blog.br\/wellingtonrabello","author_name":"wellingtonrabello","author_url":"https:\/\/jornalpequeno.blog.br\/wellingtonrabello\/author\/wellingtonrabello\/","title":"Da farda ao destino: A li\u00e7\u00e3o de um coronel - Wellington Rabello","type":"rich","width":600,"height":338,"html":"<blockquote class=\"wp-embedded-content\" data-secret=\"PzVymgaG7x\"><a href=\"https:\/\/jornalpequeno.blog.br\/wellingtonrabello\/2026\/04\/04\/8409\/\">Da farda ao destino: A li\u00e7\u00e3o de um coronel<\/a><\/blockquote><iframe sandbox=\"allow-scripts\" security=\"restricted\" src=\"https:\/\/jornalpequeno.blog.br\/wellingtonrabello\/2026\/04\/04\/8409\/embed\/#?secret=PzVymgaG7x\" width=\"600\" height=\"338\" title=\"&#8220;Da farda ao destino: A li\u00e7\u00e3o de um coronel&#8221; &#8212; Wellington Rabello\" data-secret=\"PzVymgaG7x\" frameborder=\"0\" marginwidth=\"0\" marginheight=\"0\" scrolling=\"no\" class=\"wp-embedded-content\"><\/iframe><script type=\"text\/javascript\">\n\/* <![CDATA[ *\/\n\/*! This file is auto-generated *\/\n!function(d,l){\"use strict\";l.querySelector&&d.addEventListener&&\"undefined\"!=typeof URL&&(d.wp=d.wp||{},d.wp.receiveEmbedMessage||(d.wp.receiveEmbedMessage=function(e){var t=e.data;if((t||t.secret||t.message||t.value)&&!\/[^a-zA-Z0-9]\/.test(t.secret)){for(var s,r,n,a=l.querySelectorAll('iframe[data-secret=\"'+t.secret+'\"]'),o=l.querySelectorAll('blockquote[data-secret=\"'+t.secret+'\"]'),c=new RegExp(\"^https?:$\",\"i\"),i=0;i<o.length;i++)o[i].style.display=\"none\";for(i=0;i<a.length;i++)s=a[i],e.source===s.contentWindow&&(s.removeAttribute(\"style\"),\"height\"===t.message?(1e3<(r=parseInt(t.value,10))?r=1e3:~~r<200&&(r=200),s.height=r):\"link\"===t.message&&(r=new URL(s.getAttribute(\"src\")),n=new URL(t.value),c.test(n.protocol))&&n.host===r.host&&l.activeElement===s&&(d.top.location.href=t.value))}},d.addEventListener(\"message\",d.wp.receiveEmbedMessage,!1),l.addEventListener(\"DOMContentLoaded\",function(){for(var e,t,s=l.querySelectorAll(\"iframe.wp-embedded-content\"),r=0;r<s.length;r++)(t=(e=s[r]).getAttribute(\"data-secret\"))||(t=Math.random().toString(36).substring(2,12),e.src+=\"#?secret=\"+t,e.setAttribute(\"data-secret\",t)),e.contentWindow.postMessage({message:\"ready\",secret:t},\"*\")},!1)))}(window,document);\n\/\/# sourceURL=https:\/\/jornalpequeno.blog.br\/wellingtonrabello\/wp-includes\/js\/wp-embed.min.js\n\/* ]]> *\/\n<\/script>\n","thumbnail_url":"https:\/\/jornalpequeno.blog.br\/wellingtonrabello\/files\/2026\/04\/Coronel-Brasil.jpg","thumbnail_width":400,"thumbnail_height":600,"description":"CEL. CARLOS FURTADO H\u00e1 hist\u00f3rias que n\u00e3o come\u00e7am nos sal\u00f5es nobres, mas nos lugares mais simples \u2014 quase invis\u00edveis. A do Coronel Walter Brasil Concei\u00e7\u00e3o Marques come\u00e7a no rancho, entre pratos empilhados, \u00e1gua correndo e uma fome que n\u00e3o era apenas do corpo, mas de futuro. Naquele primeiro dia, ao lavar mais de cem pratos, [&hellip;]"}