{"version":"1.0","provider_name":"Wellington Rabello","provider_url":"https:\/\/jornalpequeno.blog.br\/wellingtonrabello","author_name":"wellingtonrabello","author_url":"https:\/\/jornalpequeno.blog.br\/wellingtonrabello\/author\/wellingtonrabello\/","title":"Viver \u00e9 renova\u00e7\u00e3o continua - Wellington Rabello","type":"rich","width":600,"height":338,"html":"<blockquote class=\"wp-embedded-content\" data-secret=\"7D2wDULCVG\"><a href=\"https:\/\/jornalpequeno.blog.br\/wellingtonrabello\/2026\/01\/18\/viver-e-renovacao-continua\/\">Viver \u00e9 renova\u00e7\u00e3o continua<\/a><\/blockquote><iframe sandbox=\"allow-scripts\" security=\"restricted\" src=\"https:\/\/jornalpequeno.blog.br\/wellingtonrabello\/2026\/01\/18\/viver-e-renovacao-continua\/embed\/#?secret=7D2wDULCVG\" width=\"600\" height=\"338\" title=\"&#8220;Viver \u00e9 renova\u00e7\u00e3o continua&#8221; &#8212; Wellington Rabello\" data-secret=\"7D2wDULCVG\" frameborder=\"0\" marginwidth=\"0\" marginheight=\"0\" scrolling=\"no\" class=\"wp-embedded-content\"><\/iframe><script type=\"text\/javascript\">\n\/* <![CDATA[ *\/\n\/*! This file is auto-generated *\/\n!function(d,l){\"use strict\";l.querySelector&&d.addEventListener&&\"undefined\"!=typeof URL&&(d.wp=d.wp||{},d.wp.receiveEmbedMessage||(d.wp.receiveEmbedMessage=function(e){var t=e.data;if((t||t.secret||t.message||t.value)&&!\/[^a-zA-Z0-9]\/.test(t.secret)){for(var s,r,n,a=l.querySelectorAll('iframe[data-secret=\"'+t.secret+'\"]'),o=l.querySelectorAll('blockquote[data-secret=\"'+t.secret+'\"]'),c=new RegExp(\"^https?:$\",\"i\"),i=0;i<o.length;i++)o[i].style.display=\"none\";for(i=0;i<a.length;i++)s=a[i],e.source===s.contentWindow&&(s.removeAttribute(\"style\"),\"height\"===t.message?(1e3<(r=parseInt(t.value,10))?r=1e3:~~r<200&&(r=200),s.height=r):\"link\"===t.message&&(r=new URL(s.getAttribute(\"src\")),n=new URL(t.value),c.test(n.protocol))&&n.host===r.host&&l.activeElement===s&&(d.top.location.href=t.value))}},d.addEventListener(\"message\",d.wp.receiveEmbedMessage,!1),l.addEventListener(\"DOMContentLoaded\",function(){for(var e,t,s=l.querySelectorAll(\"iframe.wp-embedded-content\"),r=0;r<s.length;r++)(t=(e=s[r]).getAttribute(\"data-secret\"))||(t=Math.random().toString(36).substring(2,12),e.src+=\"#?secret=\"+t,e.setAttribute(\"data-secret\",t)),e.contentWindow.postMessage({message:\"ready\",secret:t},\"*\")},!1)))}(window,document);\n\/\/# sourceURL=https:\/\/jornalpequeno.blog.br\/wellingtonrabello\/wp-includes\/js\/wp-embed.min.js\n\/* ]]> *\/\n<\/script>\n","thumbnail_url":"https:\/\/jornalpequeno.blog.br\/wellingtonrabello\/files\/2025\/02\/Thadeu-Nunes-2.jpg","thumbnail_width":300,"thumbnail_height":461,"description":"Recentemente, ocupei o nobre espa\u00e7o deste peri\u00f3dico para falar da nova nomenclatura para idoso, uma palavra que n\u00e3o gosto. Prefiro velho a idoso. \u201cAgora, n\u00e3o \u00e9 mais idoso, \u00e9 Nolt. Essa nova forma de se dirigir \u00e0s pessoas 60+ ativas nasce de uma realidade que j\u00e1 est\u00e1 diante de n\u00f3s. Esse p\u00fablico n\u00e3o se reconhece [&hellip;]"}