{"version":"1.0","provider_name":"P\u00e1gina Gospel","provider_url":"https:\/\/jornalpequeno.blog.br\/paginagospel","author_name":"ribinha","author_url":"https:\/\/jornalpequeno.blog.br\/paginagospel\/author\/ribinha\/","title":"Irm\u00e3o Andr\u00e9 faz 92 anos - P\u00e1gina Gospel","type":"rich","width":600,"height":338,"html":"<blockquote class=\"wp-embedded-content\" data-secret=\"aw4LQyw6Df\"><a href=\"https:\/\/jornalpequeno.blog.br\/paginagospel\/2020\/05\/11\/irmao-andre-faz-92-anos\/\">Irm\u00e3o Andr\u00e9 faz 92 anos<\/a><\/blockquote><iframe sandbox=\"allow-scripts\" security=\"restricted\" src=\"https:\/\/jornalpequeno.blog.br\/paginagospel\/2020\/05\/11\/irmao-andre-faz-92-anos\/embed\/#?secret=aw4LQyw6Df\" width=\"600\" height=\"338\" title=\"&#8220;Irm\u00e3o Andr\u00e9 faz 92 anos&#8221; &#8212; P\u00e1gina Gospel\" data-secret=\"aw4LQyw6Df\" frameborder=\"0\" marginwidth=\"0\" marginheight=\"0\" scrolling=\"no\" class=\"wp-embedded-content\"><\/iframe><script type=\"text\/javascript\">\n\/* <![CDATA[ *\/\n\/*! This file is auto-generated *\/\n!function(d,l){\"use strict\";l.querySelector&&d.addEventListener&&\"undefined\"!=typeof URL&&(d.wp=d.wp||{},d.wp.receiveEmbedMessage||(d.wp.receiveEmbedMessage=function(e){var t=e.data;if((t||t.secret||t.message||t.value)&&!\/[^a-zA-Z0-9]\/.test(t.secret)){for(var s,r,n,a=l.querySelectorAll('iframe[data-secret=\"'+t.secret+'\"]'),o=l.querySelectorAll('blockquote[data-secret=\"'+t.secret+'\"]'),c=new RegExp(\"^https?:$\",\"i\"),i=0;i<o.length;i++)o[i].style.display=\"none\";for(i=0;i<a.length;i++)s=a[i],e.source===s.contentWindow&&(s.removeAttribute(\"style\"),\"height\"===t.message?(1e3<(r=parseInt(t.value,10))?r=1e3:~~r<200&&(r=200),s.height=r):\"link\"===t.message&&(r=new URL(s.getAttribute(\"src\")),n=new URL(t.value),c.test(n.protocol))&&n.host===r.host&&l.activeElement===s&&(d.top.location.href=t.value))}},d.addEventListener(\"message\",d.wp.receiveEmbedMessage,!1),l.addEventListener(\"DOMContentLoaded\",function(){for(var e,t,s=l.querySelectorAll(\"iframe.wp-embedded-content\"),r=0;r<s.length;r++)(t=(e=s[r]).getAttribute(\"data-secret\"))||(t=Math.random().toString(36).substring(2,12),e.src+=\"#?secret=\"+t,e.setAttribute(\"data-secret\",t)),e.contentWindow.postMessage({message:\"ready\",secret:t},\"*\")},!1)))}(window,document);\n\/\/# sourceURL=https:\/\/jornalpequeno.blog.br\/paginagospel\/wp-includes\/js\/wp-embed.min.js\n\/* ]]> *\/\n<\/script>\n","description":"Irm\u00e3o Andr\u00e9 faz 92 anos O fundador da Portas Abertas completa mais um ano de muitas aventuras pelo fortalecimento da Igreja Perseguida no mundo h\u00e1 12 horas Hoje o irm\u00e3o Andr\u00e9 completa 92 anos! Agrade\u00e7a e ore pela vida do fundador da Portas Abertas Hoje o Irm\u00e3o Andr\u00e9, fundador da Portas Abertas, completa 92 anos. [&hellip;]","thumbnail_url":"https:\/\/fastcms.s3.amazonaws.com\/fotos\/MDEyUmtGVFZFTk5Vdz09TWpBME9BPT0%3D\/1588967751_1588967750-Irm%C3%A3o%20Andr%C3%A9%2C%20fundador%20da%20Portas%20Abertas.jpg"}