{"version":"1.0","provider_name":"Manoel Santos","provider_url":"https:\/\/jornalpequeno.blog.br\/manoelsantos","author_name":"manoelsantos","author_url":"https:\/\/jornalpequeno.blog.br\/manoelsantos\/author\/manoelsantos\/","title":"O adeus a N\u00eaga Carmem - Manoel Santos","type":"rich","width":600,"height":338,"html":"<blockquote class=\"wp-embedded-content\" data-secret=\"q8QpXrWeKJ\"><a href=\"https:\/\/jornalpequeno.blog.br\/manoelsantos\/2023\/03\/30\/o-adeus-a-nega-carmem\/\">O adeus a N\u00eaga Carmem<\/a><\/blockquote><iframe sandbox=\"allow-scripts\" security=\"restricted\" src=\"https:\/\/jornalpequeno.blog.br\/manoelsantos\/2023\/03\/30\/o-adeus-a-nega-carmem\/embed\/#?secret=q8QpXrWeKJ\" width=\"600\" height=\"338\" title=\"&#8220;O adeus a N\u00eaga Carmem&#8221; &#8212; Manoel Santos\" data-secret=\"q8QpXrWeKJ\" frameborder=\"0\" marginwidth=\"0\" marginheight=\"0\" scrolling=\"no\" class=\"wp-embedded-content\"><\/iframe><script type=\"text\/javascript\">\n\/* <![CDATA[ *\/\n\/*! This file is auto-generated *\/\n!function(d,l){\"use strict\";l.querySelector&&d.addEventListener&&\"undefined\"!=typeof URL&&(d.wp=d.wp||{},d.wp.receiveEmbedMessage||(d.wp.receiveEmbedMessage=function(e){var t=e.data;if((t||t.secret||t.message||t.value)&&!\/[^a-zA-Z0-9]\/.test(t.secret)){for(var s,r,n,a=l.querySelectorAll('iframe[data-secret=\"'+t.secret+'\"]'),o=l.querySelectorAll('blockquote[data-secret=\"'+t.secret+'\"]'),c=new RegExp(\"^https?:$\",\"i\"),i=0;i<o.length;i++)o[i].style.display=\"none\";for(i=0;i<a.length;i++)s=a[i],e.source===s.contentWindow&&(s.removeAttribute(\"style\"),\"height\"===t.message?(1e3<(r=parseInt(t.value,10))?r=1e3:~~r<200&&(r=200),s.height=r):\"link\"===t.message&&(r=new URL(s.getAttribute(\"src\")),n=new URL(t.value),c.test(n.protocol))&&n.host===r.host&&l.activeElement===s&&(d.top.location.href=t.value))}},d.addEventListener(\"message\",d.wp.receiveEmbedMessage,!1),l.addEventListener(\"DOMContentLoaded\",function(){for(var e,t,s=l.querySelectorAll(\"iframe.wp-embedded-content\"),r=0;r<s.length;r++)(t=(e=s[r]).getAttribute(\"data-secret\"))||(t=Math.random().toString(36).substring(2,12),e.src+=\"#?secret=\"+t,e.setAttribute(\"data-secret\",t)),e.contentWindow.postMessage({message:\"ready\",secret:t},\"*\")},!1)))}(window,document);\n\/\/# sourceURL=https:\/\/jornalpequeno.blog.br\/manoelsantos\/wp-includes\/js\/wp-embed.min.js\n\/* ]]> *\/\n<\/script>\n","thumbnail_url":"https:\/\/jornalpequeno.blog.br\/manoelsantos\/files\/2023\/03\/n\u00eaga-carmem-2023.jpg","thumbnail_width":540,"thumbnail_height":549,"description":"Aconteceu em S\u00e3o Lu\u00eds, na manh\u00e3 desta quinta-feira (30), o sepultamento da professora aposentada Carmem Ribeiro da Silva, de 68 anos. O enterro foi realizado \u00e0s 11 horas no Cemit\u00e9rio da Pax, em Pa\u00e7o do Lumiar. N\u00eaga Carmem, como era mais conhecida, travava uma dura luta contra um c\u00e2ncer. Ela faleceu na manh\u00e3 de quarta-feira [&hellip;]"}