{"version":"1.0","provider_name":"Manoel Santos","provider_url":"https:\/\/jornalpequeno.blog.br\/manoelsantos","author_name":"manoelsantos","author_url":"https:\/\/jornalpequeno.blog.br\/manoelsantos\/author\/manoelsantos\/","title":"Jo\u00e3o Castelo: Um lutador sem pausa - Manoel Santos","type":"rich","width":600,"height":338,"html":"<blockquote class=\"wp-embedded-content\" data-secret=\"jt6zBQrRyg\"><a href=\"https:\/\/jornalpequeno.blog.br\/manoelsantos\/2021\/12\/11\/joao-castelo-um-lutador-sem-pausa\/\">Jo\u00e3o Castelo: Um lutador sem pausa<\/a><\/blockquote><iframe sandbox=\"allow-scripts\" security=\"restricted\" src=\"https:\/\/jornalpequeno.blog.br\/manoelsantos\/2021\/12\/11\/joao-castelo-um-lutador-sem-pausa\/embed\/#?secret=jt6zBQrRyg\" width=\"600\" height=\"338\" title=\"&#8220;Jo\u00e3o Castelo: Um lutador sem pausa&#8221; &#8212; Manoel Santos\" data-secret=\"jt6zBQrRyg\" frameborder=\"0\" marginwidth=\"0\" marginheight=\"0\" scrolling=\"no\" class=\"wp-embedded-content\"><\/iframe><script type=\"text\/javascript\">\n\/* <![CDATA[ *\/\n\/*! This file is auto-generated *\/\n!function(d,l){\"use strict\";l.querySelector&&d.addEventListener&&\"undefined\"!=typeof URL&&(d.wp=d.wp||{},d.wp.receiveEmbedMessage||(d.wp.receiveEmbedMessage=function(e){var t=e.data;if((t||t.secret||t.message||t.value)&&!\/[^a-zA-Z0-9]\/.test(t.secret)){for(var s,r,n,a=l.querySelectorAll('iframe[data-secret=\"'+t.secret+'\"]'),o=l.querySelectorAll('blockquote[data-secret=\"'+t.secret+'\"]'),c=new RegExp(\"^https?:$\",\"i\"),i=0;i<o.length;i++)o[i].style.display=\"none\";for(i=0;i<a.length;i++)s=a[i],e.source===s.contentWindow&&(s.removeAttribute(\"style\"),\"height\"===t.message?(1e3<(r=parseInt(t.value,10))?r=1e3:~~r<200&&(r=200),s.height=r):\"link\"===t.message&&(r=new URL(s.getAttribute(\"src\")),n=new URL(t.value),c.test(n.protocol))&&n.host===r.host&&l.activeElement===s&&(d.top.location.href=t.value))}},d.addEventListener(\"message\",d.wp.receiveEmbedMessage,!1),l.addEventListener(\"DOMContentLoaded\",function(){for(var e,t,s=l.querySelectorAll(\"iframe.wp-embedded-content\"),r=0;r<s.length;r++)(t=(e=s[r]).getAttribute(\"data-secret\"))||(t=Math.random().toString(36).substring(2,12),e.src+=\"#?secret=\"+t,e.setAttribute(\"data-secret\",t)),e.contentWindow.postMessage({message:\"ready\",secret:t},\"*\")},!1)))}(window,document);\n\/\/# sourceURL=https:\/\/jornalpequeno.blog.br\/manoelsantos\/wp-includes\/js\/wp-embed.min.js\n\/* ]]> *\/\n<\/script>\n","thumbnail_url":"https:\/\/jornalpequeno.blog.br\/manoelsantos\/files\/2021\/12\/1-castelo-missa.jpg","thumbnail_width":905,"thumbnail_height":1280,"description":"Completam-se neste s\u00e1bado (11) cinco anos do falecimento de Jo\u00e3o Castelo, ex-prefeito de S\u00e3o Lu\u00eds e ex-governador do Maranh\u00e3o. Acossado por uma impiedosa diabete, Castelo morreu no pleno exerc\u00edcio do mandato de deputado federal, no dia 11 de dezembro de 2016, em uma UTI do Hospital S\u00edrio-Liban\u00eas, em S\u00e3o Paulo. Pol\u00edtico inquieto, movido por uma [&hellip;]"}