{"version":"1.0","provider_name":"John Cutrim","provider_url":"https:\/\/jornalpequeno.blog.br\/johncutrim","author_name":"John Cutrim","author_url":"https:\/\/jornalpequeno.blog.br\/johncutrim\/author\/johncutrim\/","title":"Um museu apocal\u00edptico - John Cutrim","type":"rich","width":600,"height":338,"html":"<blockquote class=\"wp-embedded-content\" data-secret=\"32WwVRtKWe\"><a href=\"https:\/\/jornalpequeno.blog.br\/johncutrim\/um-museu-apocaliptico\/\">Um museu apocal\u00edptico<\/a><\/blockquote><iframe sandbox=\"allow-scripts\" security=\"restricted\" src=\"https:\/\/jornalpequeno.blog.br\/johncutrim\/um-museu-apocaliptico\/embed\/#?secret=32WwVRtKWe\" width=\"600\" height=\"338\" title=\"&#8220;Um museu apocal\u00edptico&#8221; &#8212; John Cutrim\" data-secret=\"32WwVRtKWe\" frameborder=\"0\" marginwidth=\"0\" marginheight=\"0\" scrolling=\"no\" class=\"wp-embedded-content\"><\/iframe><script type=\"text\/javascript\">\n\/* <![CDATA[ *\/\n\/*! This file is auto-generated *\/\n!function(d,l){\"use strict\";l.querySelector&&d.addEventListener&&\"undefined\"!=typeof URL&&(d.wp=d.wp||{},d.wp.receiveEmbedMessage||(d.wp.receiveEmbedMessage=function(e){var t=e.data;if((t||t.secret||t.message||t.value)&&!\/[^a-zA-Z0-9]\/.test(t.secret)){for(var s,r,n,a=l.querySelectorAll('iframe[data-secret=\"'+t.secret+'\"]'),o=l.querySelectorAll('blockquote[data-secret=\"'+t.secret+'\"]'),c=new RegExp(\"^https?:$\",\"i\"),i=0;i<o.length;i++)o[i].style.display=\"none\";for(i=0;i<a.length;i++)s=a[i],e.source===s.contentWindow&&(s.removeAttribute(\"style\"),\"height\"===t.message?(1e3<(r=parseInt(t.value,10))?r=1e3:~~r<200&&(r=200),s.height=r):\"link\"===t.message&&(r=new URL(s.getAttribute(\"src\")),n=new URL(t.value),c.test(n.protocol))&&n.host===r.host&&l.activeElement===s&&(d.top.location.href=t.value))}},d.addEventListener(\"message\",d.wp.receiveEmbedMessage,!1),l.addEventListener(\"DOMContentLoaded\",function(){for(var e,t,s=l.querySelectorAll(\"iframe.wp-embedded-content\"),r=0;r<s.length;r++)(t=(e=s[r]).getAttribute(\"data-secret\"))||(t=Math.random().toString(36).substring(2,12),e.src+=\"#?secret=\"+t,e.setAttribute(\"data-secret\",t)),e.contentWindow.postMessage({message:\"ready\",secret:t},\"*\")},!1)))}(window,document);\n\/\/# sourceURL=https:\/\/jornalpequeno.blog.br\/johncutrim\/wp-includes\/js\/wp-embed.min.js\n\/* ]]> *\/\n<\/script>\n","description":"Quando o pa\u00eds comemora os 30 anos do fim da ditadura militar n\u00e3o s\u00e3o boas as lembran\u00e7as que nos trazem a Funda\u00e7\u00e3o da Mem\u00f3ria Republicana \u2013 o Museu de Sarney \u2013 que, estatizada desde 2011, j\u00e1 custou R$ 8 milh\u00f5es ao Estado para manter o Convento das Merc\u00eas, um patrim\u00f4nio hist\u00f3rico e cultural tomado ao [&hellip;]","thumbnail_url":"http:\/\/1.bp.blogspot.com\/--Hl6x3DOnAk\/VLctmu7ZdVI\/AAAAAAAAZ0o\/buGkDHXr6kc\/s1600\/Funda%C3%A7%C3%A3o%2BSarney.jpg"}