{"version":"1.0","provider_name":"John Cutrim","provider_url":"https:\/\/jornalpequeno.blog.br\/johncutrim","author_name":"John Cutrim","author_url":"https:\/\/jornalpequeno.blog.br\/johncutrim\/author\/johncutrim\/","title":"Prefeito de Godofredo Viana rebate den\u00fancias - John Cutrim","type":"rich","width":600,"height":338,"html":"<blockquote class=\"wp-embedded-content\" data-secret=\"XO4X3mnmjK\"><a href=\"https:\/\/jornalpequeno.blog.br\/johncutrim\/prefeito-de-godofredo-viana-rebate-denuncias\/\">Prefeito de Godofredo Viana rebate den\u00fancias<\/a><\/blockquote><iframe sandbox=\"allow-scripts\" security=\"restricted\" src=\"https:\/\/jornalpequeno.blog.br\/johncutrim\/prefeito-de-godofredo-viana-rebate-denuncias\/embed\/#?secret=XO4X3mnmjK\" width=\"600\" height=\"338\" title=\"&#8220;Prefeito de Godofredo Viana rebate den\u00fancias&#8221; &#8212; John Cutrim\" data-secret=\"XO4X3mnmjK\" frameborder=\"0\" marginwidth=\"0\" marginheight=\"0\" scrolling=\"no\" class=\"wp-embedded-content\"><\/iframe><script type=\"text\/javascript\">\n\/* <![CDATA[ *\/\n\/*! This file is auto-generated *\/\n!function(d,l){\"use strict\";l.querySelector&&d.addEventListener&&\"undefined\"!=typeof URL&&(d.wp=d.wp||{},d.wp.receiveEmbedMessage||(d.wp.receiveEmbedMessage=function(e){var t=e.data;if((t||t.secret||t.message||t.value)&&!\/[^a-zA-Z0-9]\/.test(t.secret)){for(var s,r,n,a=l.querySelectorAll('iframe[data-secret=\"'+t.secret+'\"]'),o=l.querySelectorAll('blockquote[data-secret=\"'+t.secret+'\"]'),c=new RegExp(\"^https?:$\",\"i\"),i=0;i<o.length;i++)o[i].style.display=\"none\";for(i=0;i<a.length;i++)s=a[i],e.source===s.contentWindow&&(s.removeAttribute(\"style\"),\"height\"===t.message?(1e3<(r=parseInt(t.value,10))?r=1e3:~~r<200&&(r=200),s.height=r):\"link\"===t.message&&(r=new URL(s.getAttribute(\"src\")),n=new URL(t.value),c.test(n.protocol))&&n.host===r.host&&l.activeElement===s&&(d.top.location.href=t.value))}},d.addEventListener(\"message\",d.wp.receiveEmbedMessage,!1),l.addEventListener(\"DOMContentLoaded\",function(){for(var e,t,s=l.querySelectorAll(\"iframe.wp-embedded-content\"),r=0;r<s.length;r++)(t=(e=s[r]).getAttribute(\"data-secret\"))||(t=Math.random().toString(36).substring(2,12),e.src+=\"#?secret=\"+t,e.setAttribute(\"data-secret\",t)),e.contentWindow.postMessage({message:\"ready\",secret:t},\"*\")},!1)))}(window,document);\n\/\/# sourceURL=https:\/\/jornalpequeno.blog.br\/johncutrim\/wp-includes\/js\/wp-embed.min.js\n\/* ]]> *\/\n<\/script>\n","description":"Em defesa da verdade e em respeito \u00e0 opini\u00e3o p\u00fablica, o prefeito do munic\u00edpio maranhense de Godofredo Viana, Marcelo Jorge Torres, rebateu as den\u00fancias de que seria propriet\u00e1rio da Fazenda Frexal, situada no povoado Aurizona, naquele munic\u00edpio. Em nota divulgada \u00e0 imprensa, o prefeito informa que n\u00e3o pertence a ele a fazenda e enfatizou ainda [&hellip;]","thumbnail_url":"http:\/\/www.revistacarasenomes.com.br\/wp-content\/uploads\/2013\/04\/C%C3%B3pia-de-DSC_0695Prefeito-marcelo-jorge-15.jpg"}