{"version":"1.0","provider_name":"John Cutrim","provider_url":"https:\/\/jornalpequeno.blog.br\/johncutrim","author_name":"John Cutrim","author_url":"https:\/\/jornalpequeno.blog.br\/johncutrim\/author\/johncutrim\/","title":"O futuro pol\u00edtico do bra\u00e7o direito de Weverton - John Cutrim","type":"rich","width":600,"height":338,"html":"<blockquote class=\"wp-embedded-content\" data-secret=\"hLWDUMihU1\"><a href=\"https:\/\/jornalpequeno.blog.br\/johncutrim\/o-futuro-politico-do-braco-direito-de-weverton\/\">O futuro pol\u00edtico do bra\u00e7o direito de Weverton<\/a><\/blockquote><iframe sandbox=\"allow-scripts\" security=\"restricted\" src=\"https:\/\/jornalpequeno.blog.br\/johncutrim\/o-futuro-politico-do-braco-direito-de-weverton\/embed\/#?secret=hLWDUMihU1\" width=\"600\" height=\"338\" title=\"&#8220;O futuro pol\u00edtico do bra\u00e7o direito de Weverton&#8221; &#8212; John Cutrim\" data-secret=\"hLWDUMihU1\" frameborder=\"0\" marginwidth=\"0\" marginheight=\"0\" scrolling=\"no\" class=\"wp-embedded-content\"><\/iframe><script type=\"text\/javascript\">\n\/* <![CDATA[ *\/\n\/*! This file is auto-generated *\/\n!function(d,l){\"use strict\";l.querySelector&&d.addEventListener&&\"undefined\"!=typeof URL&&(d.wp=d.wp||{},d.wp.receiveEmbedMessage||(d.wp.receiveEmbedMessage=function(e){var t=e.data;if((t||t.secret||t.message||t.value)&&!\/[^a-zA-Z0-9]\/.test(t.secret)){for(var s,r,n,a=l.querySelectorAll('iframe[data-secret=\"'+t.secret+'\"]'),o=l.querySelectorAll('blockquote[data-secret=\"'+t.secret+'\"]'),c=new RegExp(\"^https?:$\",\"i\"),i=0;i<o.length;i++)o[i].style.display=\"none\";for(i=0;i<a.length;i++)s=a[i],e.source===s.contentWindow&&(s.removeAttribute(\"style\"),\"height\"===t.message?(1e3<(r=parseInt(t.value,10))?r=1e3:~~r<200&&(r=200),s.height=r):\"link\"===t.message&&(r=new URL(s.getAttribute(\"src\")),n=new URL(t.value),c.test(n.protocol))&&n.host===r.host&&l.activeElement===s&&(d.top.location.href=t.value))}},d.addEventListener(\"message\",d.wp.receiveEmbedMessage,!1),l.addEventListener(\"DOMContentLoaded\",function(){for(var e,t,s=l.querySelectorAll(\"iframe.wp-embedded-content\"),r=0;r<s.length;r++)(t=(e=s[r]).getAttribute(\"data-secret\"))||(t=Math.random().toString(36).substring(2,12),e.src+=\"#?secret=\"+t,e.setAttribute(\"data-secret\",t)),e.contentWindow.postMessage({message:\"ready\",secret:t},\"*\")},!1)))}(window,document);\n\/\/# sourceURL=https:\/\/jornalpequeno.blog.br\/johncutrim\/wp-includes\/js\/wp-embed.min.js\n\/* ]]> *\/\n<\/script>\n","thumbnail_url":"https:\/\/jornalpequeno.blog.br\/johncutrim\/files\/2021\/01\/famem-erlanio.png","thumbnail_width":570,"thumbnail_height":471,"description":"Considerado o mais pr\u00f3ximo e leal aliado do senador do Maranh\u00e3o Weverton Rocha, o prefeito de Igarap\u00e9 Grande, Erl\u00e2nio Xavier, j\u00e1 faz planos para o seu futuro pol\u00edtico. Com aprova\u00e7\u00e3o de sua gest\u00e3o em condi\u00e7\u00f5es muito confort\u00e1veis, Erl\u00e2nio deve colocar outro nome para apoiar na sua sucess\u00e3o no pr\u00f3ximo ano nas elei\u00e7\u00f5es de Igarap\u00e9 Grande. [&hellip;]"}