{"version":"1.0","provider_name":"John Cutrim","provider_url":"https:\/\/jornalpequeno.blog.br\/johncutrim","author_name":"John Cutrim","author_url":"https:\/\/jornalpequeno.blog.br\/johncutrim\/author\/johncutrim\/","title":"O bom trabalho do subprefeito no Centro Hist\u00f3rico - John Cutrim","type":"rich","width":600,"height":338,"html":"<blockquote class=\"wp-embedded-content\" data-secret=\"rQU2qoX8Vi\"><a href=\"https:\/\/jornalpequeno.blog.br\/johncutrim\/o-bom-trabalho-do-subprefeito-do-centro-historico\/\">O bom trabalho do subprefeito no Centro Hist\u00f3rico<\/a><\/blockquote><iframe sandbox=\"allow-scripts\" security=\"restricted\" src=\"https:\/\/jornalpequeno.blog.br\/johncutrim\/o-bom-trabalho-do-subprefeito-do-centro-historico\/embed\/#?secret=rQU2qoX8Vi\" width=\"600\" height=\"338\" title=\"&#8220;O bom trabalho do subprefeito no Centro Hist\u00f3rico&#8221; &#8212; John Cutrim\" data-secret=\"rQU2qoX8Vi\" frameborder=\"0\" marginwidth=\"0\" marginheight=\"0\" scrolling=\"no\" class=\"wp-embedded-content\"><\/iframe><script type=\"text\/javascript\">\n\/* <![CDATA[ *\/\n\/*! This file is auto-generated *\/\n!function(d,l){\"use strict\";l.querySelector&&d.addEventListener&&\"undefined\"!=typeof URL&&(d.wp=d.wp||{},d.wp.receiveEmbedMessage||(d.wp.receiveEmbedMessage=function(e){var t=e.data;if((t||t.secret||t.message||t.value)&&!\/[^a-zA-Z0-9]\/.test(t.secret)){for(var s,r,n,a=l.querySelectorAll('iframe[data-secret=\"'+t.secret+'\"]'),o=l.querySelectorAll('blockquote[data-secret=\"'+t.secret+'\"]'),c=new RegExp(\"^https?:$\",\"i\"),i=0;i<o.length;i++)o[i].style.display=\"none\";for(i=0;i<a.length;i++)s=a[i],e.source===s.contentWindow&&(s.removeAttribute(\"style\"),\"height\"===t.message?(1e3<(r=parseInt(t.value,10))?r=1e3:~~r<200&&(r=200),s.height=r):\"link\"===t.message&&(r=new URL(s.getAttribute(\"src\")),n=new URL(t.value),c.test(n.protocol))&&n.host===r.host&&l.activeElement===s&&(d.top.location.href=t.value))}},d.addEventListener(\"message\",d.wp.receiveEmbedMessage,!1),l.addEventListener(\"DOMContentLoaded\",function(){for(var e,t,s=l.querySelectorAll(\"iframe.wp-embedded-content\"),r=0;r<s.length;r++)(t=(e=s[r]).getAttribute(\"data-secret\"))||(t=Math.random().toString(36).substring(2,12),e.src+=\"#?secret=\"+t,e.setAttribute(\"data-secret\",t)),e.contentWindow.postMessage({message:\"ready\",secret:t},\"*\")},!1)))}(window,document);\n\/\/# sourceURL=https:\/\/jornalpequeno.blog.br\/johncutrim\/wp-includes\/js\/wp-embed.min.js\n\/* ]]> *\/\n<\/script>\n","description":"H\u00e1 pouco mais de um m\u00eas no posto, o\u00a0subprefeito\u00a0F\u00e1bio Henrique Farias Carvalho j\u00e1 fez muito mais pelo\u00a0Centro Hist\u00f3rico de S\u00e3o Lu\u00eds do que outras gest\u00f5es. Na administra\u00e7\u00e3o do prefeito Edivaldo, que acertou na indica\u00e7\u00e3o do turism\u00f3logo, pela primeira vez esta importante e estrat\u00e9gica \u00e1rea da nossa capital teve uma aten\u00e7\u00e3o especial. Agente articulador do Munic\u00edpio [&hellip;]","thumbnail_url":"http:\/\/mearim.com.br\/wp-content\/uploads\/2015\/01\/reviver.jpg"}