{"version":"1.0","provider_name":"John Cutrim","provider_url":"https:\/\/jornalpequeno.blog.br\/johncutrim","author_name":"John Cutrim","author_url":"https:\/\/jornalpequeno.blog.br\/johncutrim\/author\/johncutrim\/","title":"Maranh\u00e3o deve manter escolas c\u00edvico-militares - John Cutrim","type":"rich","width":600,"height":338,"html":"<blockquote class=\"wp-embedded-content\" data-secret=\"z8dXjgQSux\"><a href=\"https:\/\/jornalpequeno.blog.br\/johncutrim\/maranhao-deve-manter-escolas-civico-militares\/\">Maranh\u00e3o deve manter escolas c\u00edvico-militares<\/a><\/blockquote><iframe sandbox=\"allow-scripts\" security=\"restricted\" src=\"https:\/\/jornalpequeno.blog.br\/johncutrim\/maranhao-deve-manter-escolas-civico-militares\/embed\/#?secret=z8dXjgQSux\" width=\"600\" height=\"338\" title=\"&#8220;Maranh\u00e3o deve manter escolas c\u00edvico-militares&#8221; &#8212; John Cutrim\" data-secret=\"z8dXjgQSux\" frameborder=\"0\" marginwidth=\"0\" marginheight=\"0\" scrolling=\"no\" class=\"wp-embedded-content\"><\/iframe><script type=\"text\/javascript\">\n\/* <![CDATA[ *\/\n\/*! This file is auto-generated *\/\n!function(d,l){\"use strict\";l.querySelector&&d.addEventListener&&\"undefined\"!=typeof URL&&(d.wp=d.wp||{},d.wp.receiveEmbedMessage||(d.wp.receiveEmbedMessage=function(e){var t=e.data;if((t||t.secret||t.message||t.value)&&!\/[^a-zA-Z0-9]\/.test(t.secret)){for(var s,r,n,a=l.querySelectorAll('iframe[data-secret=\"'+t.secret+'\"]'),o=l.querySelectorAll('blockquote[data-secret=\"'+t.secret+'\"]'),c=new RegExp(\"^https?:$\",\"i\"),i=0;i<o.length;i++)o[i].style.display=\"none\";for(i=0;i<a.length;i++)s=a[i],e.source===s.contentWindow&&(s.removeAttribute(\"style\"),\"height\"===t.message?(1e3<(r=parseInt(t.value,10))?r=1e3:~~r<200&&(r=200),s.height=r):\"link\"===t.message&&(r=new URL(s.getAttribute(\"src\")),n=new URL(t.value),c.test(n.protocol))&&n.host===r.host&&l.activeElement===s&&(d.top.location.href=t.value))}},d.addEventListener(\"message\",d.wp.receiveEmbedMessage,!1),l.addEventListener(\"DOMContentLoaded\",function(){for(var e,t,s=l.querySelectorAll(\"iframe.wp-embedded-content\"),r=0;r<s.length;r++)(t=(e=s[r]).getAttribute(\"data-secret\"))||(t=Math.random().toString(36).substring(2,12),e.src+=\"#?secret=\"+t,e.setAttribute(\"data-secret\",t)),e.contentWindow.postMessage({message:\"ready\",secret:t},\"*\")},!1)))}(window,document);\n\/\/# sourceURL=https:\/\/jornalpequeno.blog.br\/johncutrim\/wp-includes\/js\/wp-embed.min.js\n\/* ]]> *\/\n<\/script>\n","thumbnail_url":"https:\/\/jornalpequeno.blog.br\/johncutrim\/files\/2023\/07\/escola-civico-militar-1080-848x477.jpeg","thumbnail_width":848,"thumbnail_height":477,"description":"A extin\u00e7\u00e3o do Pecim (Programa de Escolas C\u00edvico-Militares) pelo presidente Lu\u00eds In\u00e1cio Lula da Silva (PT) deve ter poucos efeitos pr\u00e1ticos na maioria das unidades da Federa\u00e7\u00e3o. Levantamento do Poder360 mostra que, das 27 UFs, s\u00f3 Alagoas confirmou que encerrar\u00e1 por completo a participa\u00e7\u00e3o de militares. Ao menos 19 pretendem manter ou readequar o modelo [&hellip;]"}