{"version":"1.0","provider_name":"John Cutrim","provider_url":"https:\/\/jornalpequeno.blog.br\/johncutrim","author_name":"John Cutrim","author_url":"https:\/\/jornalpequeno.blog.br\/johncutrim\/author\/johncutrim\/","title":"Duarte Jr. tem um a menos na federa\u00e7\u00e3o - John Cutrim","type":"rich","width":600,"height":338,"html":"<blockquote class=\"wp-embedded-content\" data-secret=\"Y6eGVIfvl2\"><a href=\"https:\/\/jornalpequeno.blog.br\/johncutrim\/duarte-jr-tem-um-a-menos-na-federacao\/\">Duarte Jr. tem um a menos na federa\u00e7\u00e3o<\/a><\/blockquote><iframe sandbox=\"allow-scripts\" security=\"restricted\" src=\"https:\/\/jornalpequeno.blog.br\/johncutrim\/duarte-jr-tem-um-a-menos-na-federacao\/embed\/#?secret=Y6eGVIfvl2\" width=\"600\" height=\"338\" title=\"&#8220;Duarte Jr. tem um a menos na federa\u00e7\u00e3o&#8221; &#8212; John Cutrim\" data-secret=\"Y6eGVIfvl2\" frameborder=\"0\" marginwidth=\"0\" marginheight=\"0\" scrolling=\"no\" class=\"wp-embedded-content\"><\/iframe><script type=\"text\/javascript\">\n\/* <![CDATA[ *\/\n\/*! This file is auto-generated *\/\n!function(d,l){\"use strict\";l.querySelector&&d.addEventListener&&\"undefined\"!=typeof URL&&(d.wp=d.wp||{},d.wp.receiveEmbedMessage||(d.wp.receiveEmbedMessage=function(e){var t=e.data;if((t||t.secret||t.message||t.value)&&!\/[^a-zA-Z0-9]\/.test(t.secret)){for(var s,r,n,a=l.querySelectorAll('iframe[data-secret=\"'+t.secret+'\"]'),o=l.querySelectorAll('blockquote[data-secret=\"'+t.secret+'\"]'),c=new RegExp(\"^https?:$\",\"i\"),i=0;i<o.length;i++)o[i].style.display=\"none\";for(i=0;i<a.length;i++)s=a[i],e.source===s.contentWindow&&(s.removeAttribute(\"style\"),\"height\"===t.message?(1e3<(r=parseInt(t.value,10))?r=1e3:~~r<200&&(r=200),s.height=r):\"link\"===t.message&&(r=new URL(s.getAttribute(\"src\")),n=new URL(t.value),c.test(n.protocol))&&n.host===r.host&&l.activeElement===s&&(d.top.location.href=t.value))}},d.addEventListener(\"message\",d.wp.receiveEmbedMessage,!1),l.addEventListener(\"DOMContentLoaded\",function(){for(var e,t,s=l.querySelectorAll(\"iframe.wp-embedded-content\"),r=0;r<s.length;r++)(t=(e=s[r]).getAttribute(\"data-secret\"))||(t=Math.random().toString(36).substring(2,12),e.src+=\"#?secret=\"+t,e.setAttribute(\"data-secret\",t)),e.contentWindow.postMessage({message:\"ready\",secret:t},\"*\")},!1)))}(window,document);\n\/\/# sourceURL=https:\/\/jornalpequeno.blog.br\/johncutrim\/wp-includes\/js\/wp-embed.min.js\n\/* ]]> *\/\n<\/script>\n","thumbnail_url":"https:\/\/jornalpequeno.blog.br\/johncutrim\/files\/2023\/08\/duarte-jr-e-edivaldo.jpg","thumbnail_width":1280,"thumbnail_height":714,"description":"A Federa\u00e7\u00e3o PT\/PCdoB\/PV ainda n\u00e3o decidiu qual candidato apoiar na disputa da prefeitura de S\u00e3o Lu\u00eds. Um dos partidos que comp\u00f5em a federa\u00e7\u00e3o, o PCdoB est\u00e1 praticamente fechado com Edivaldo Jr diante dos sinais que v\u00eam sendo externados. Presidente do PCdoB em S\u00e3o Lu\u00eds, J\u00falio Pinheiro esteve reunido com Edivaldo. \u201cFizemos um longo di\u00e1logo sobre [&hellip;]"}