{"version":"1.0","provider_name":"John Cutrim","provider_url":"https:\/\/jornalpequeno.blog.br\/johncutrim","author_name":"John Cutrim","author_url":"https:\/\/jornalpequeno.blog.br\/johncutrim\/author\/johncutrim\/","title":"Adiada a visita de Fl\u00e1vio Dino a Timon - John Cutrim","type":"rich","width":600,"height":338,"html":"<blockquote class=\"wp-embedded-content\" data-secret=\"elfNvQUWAK\"><a href=\"https:\/\/jornalpequeno.blog.br\/johncutrim\/adiada-visita-de-flavio-dino-timon\/\">Adiada a visita de Fl\u00e1vio Dino a Timon<\/a><\/blockquote><iframe sandbox=\"allow-scripts\" security=\"restricted\" src=\"https:\/\/jornalpequeno.blog.br\/johncutrim\/adiada-visita-de-flavio-dino-timon\/embed\/#?secret=elfNvQUWAK\" width=\"600\" height=\"338\" title=\"&#8220;Adiada a visita de Fl\u00e1vio Dino a Timon&#8221; &#8212; John Cutrim\" data-secret=\"elfNvQUWAK\" frameborder=\"0\" marginwidth=\"0\" marginheight=\"0\" scrolling=\"no\" class=\"wp-embedded-content\"><\/iframe><script type=\"text\/javascript\">\n\/* <![CDATA[ *\/\n\/*! This file is auto-generated *\/\n!function(d,l){\"use strict\";l.querySelector&&d.addEventListener&&\"undefined\"!=typeof URL&&(d.wp=d.wp||{},d.wp.receiveEmbedMessage||(d.wp.receiveEmbedMessage=function(e){var t=e.data;if((t||t.secret||t.message||t.value)&&!\/[^a-zA-Z0-9]\/.test(t.secret)){for(var s,r,n,a=l.querySelectorAll('iframe[data-secret=\"'+t.secret+'\"]'),o=l.querySelectorAll('blockquote[data-secret=\"'+t.secret+'\"]'),c=new RegExp(\"^https?:$\",\"i\"),i=0;i<o.length;i++)o[i].style.display=\"none\";for(i=0;i<a.length;i++)s=a[i],e.source===s.contentWindow&&(s.removeAttribute(\"style\"),\"height\"===t.message?(1e3<(r=parseInt(t.value,10))?r=1e3:~~r<200&&(r=200),s.height=r):\"link\"===t.message&&(r=new URL(s.getAttribute(\"src\")),n=new URL(t.value),c.test(n.protocol))&&n.host===r.host&&l.activeElement===s&&(d.top.location.href=t.value))}},d.addEventListener(\"message\",d.wp.receiveEmbedMessage,!1),l.addEventListener(\"DOMContentLoaded\",function(){for(var e,t,s=l.querySelectorAll(\"iframe.wp-embedded-content\"),r=0;r<s.length;r++)(t=(e=s[r]).getAttribute(\"data-secret\"))||(t=Math.random().toString(36).substring(2,12),e.src+=\"#?secret=\"+t,e.setAttribute(\"data-secret\",t)),e.contentWindow.postMessage({message:\"ready\",secret:t},\"*\")},!1)))}(window,document);\n\/\/# sourceURL=https:\/\/jornalpequeno.blog.br\/johncutrim\/wp-includes\/js\/wp-embed.min.js\n\/* ]]> *\/\n<\/script>\n","description":"Do blog do Elias Lacerda O governador Fl\u00e1vio Dino n\u00e3o vir\u00e1 mais a Timon na pr\u00f3xima sexta-feira,16, como chegou a divulgar este blog durante a semana. A inten\u00e7\u00e3o do governador era sim visitar a cidade nesta semana, mas compromissos importantes neste come\u00e7o de governo acabaram impedindo sua visita. A confirma\u00e7\u00e3o de que Fl\u00e1vio n\u00e3o vir\u00e1 [&hellip;]","thumbnail_url":"http:\/\/www.portalaz.com.br\/imagens\/geral\/20150114171558_91a4e.jpg"}