{"version":"1.0","provider_name":"John Cutrim","provider_url":"https:\/\/jornalpequeno.blog.br\/johncutrim","author_name":"John Cutrim","author_url":"https:\/\/jornalpequeno.blog.br\/johncutrim\/author\/johncutrim\/","title":"Brand\u00e3o firma acordos em benef\u00edcio dos 217 munic\u00edpios durante o 1\u00ba Congresso do Municipalismo Maranhense - John Cutrim","type":"rich","width":600,"height":338,"html":"<blockquote class=\"wp-embedded-content\" data-secret=\"Bg1RYIClHE\"><a href=\"https:\/\/jornalpequeno.blog.br\/johncutrim\/96407-2\/\">Brand\u00e3o firma acordos em benef\u00edcio dos 217 munic\u00edpios durante o 1\u00ba Congresso do Municipalismo Maranhense<\/a><\/blockquote><iframe sandbox=\"allow-scripts\" security=\"restricted\" src=\"https:\/\/jornalpequeno.blog.br\/johncutrim\/96407-2\/embed\/#?secret=Bg1RYIClHE\" width=\"600\" height=\"338\" title=\"&#8220;Brand\u00e3o firma acordos em benef\u00edcio dos 217 munic\u00edpios durante o 1\u00ba Congresso do Municipalismo Maranhense&#8221; &#8212; John Cutrim\" data-secret=\"Bg1RYIClHE\" frameborder=\"0\" marginwidth=\"0\" marginheight=\"0\" scrolling=\"no\" class=\"wp-embedded-content\"><\/iframe><script type=\"text\/javascript\">\n\/* <![CDATA[ *\/\n\/*! This file is auto-generated *\/\n!function(d,l){\"use strict\";l.querySelector&&d.addEventListener&&\"undefined\"!=typeof URL&&(d.wp=d.wp||{},d.wp.receiveEmbedMessage||(d.wp.receiveEmbedMessage=function(e){var t=e.data;if((t||t.secret||t.message||t.value)&&!\/[^a-zA-Z0-9]\/.test(t.secret)){for(var s,r,n,a=l.querySelectorAll('iframe[data-secret=\"'+t.secret+'\"]'),o=l.querySelectorAll('blockquote[data-secret=\"'+t.secret+'\"]'),c=new RegExp(\"^https?:$\",\"i\"),i=0;i<o.length;i++)o[i].style.display=\"none\";for(i=0;i<a.length;i++)s=a[i],e.source===s.contentWindow&&(s.removeAttribute(\"style\"),\"height\"===t.message?(1e3<(r=parseInt(t.value,10))?r=1e3:~~r<200&&(r=200),s.height=r):\"link\"===t.message&&(r=new URL(s.getAttribute(\"src\")),n=new URL(t.value),c.test(n.protocol))&&n.host===r.host&&l.activeElement===s&&(d.top.location.href=t.value))}},d.addEventListener(\"message\",d.wp.receiveEmbedMessage,!1),l.addEventListener(\"DOMContentLoaded\",function(){for(var e,t,s=l.querySelectorAll(\"iframe.wp-embedded-content\"),r=0;r<s.length;r++)(t=(e=s[r]).getAttribute(\"data-secret\"))||(t=Math.random().toString(36).substring(2,12),e.src+=\"#?secret=\"+t,e.setAttribute(\"data-secret\",t)),e.contentWindow.postMessage({message:\"ready\",secret:t},\"*\")},!1)))}(window,document);\n\/\/# sourceURL=https:\/\/jornalpequeno.blog.br\/johncutrim\/wp-includes\/js\/wp-embed.min.js\n\/* ]]> *\/\n<\/script>\n","thumbnail_url":"https:\/\/jornalpequeno.blog.br\/johncutrim\/files\/2023\/03\/brandao.jpg","thumbnail_width":900,"thumbnail_height":405,"description":"A classe pol\u00edtica do estado esteve reunida nesta segunda-feira (13), no Multicenter Sebrae, em S\u00e3o Lu\u00eds, durante a abertura do 1\u00ba Congresso Estadual do Municipalismo Maranhense, promovido pela Federa\u00e7\u00e3o dos Munic\u00edpios do Estado do Maranh\u00e3o (Famem). O governador Carlos Brand\u00e3o participou da solenidade, quando firmou termos de coopera\u00e7\u00e3o t\u00e9cnica e de compromisso para a implementa\u00e7\u00e3o [&hellip;]"}