{"version":"1.0","provider_name":"John Cutrim","provider_url":"https:\/\/jornalpequeno.blog.br\/johncutrim","author_name":"John Cutrim","author_url":"https:\/\/jornalpequeno.blog.br\/johncutrim\/author\/johncutrim\/","title":"Joaquim Haickel fala sobre 'ch\u00e1 de cadeira' de Ester Marques - John Cutrim","type":"rich","width":600,"height":338,"html":"<blockquote class=\"wp-embedded-content\" data-secret=\"p5Ha05Jux6\"><a href=\"https:\/\/jornalpequeno.blog.br\/johncutrim\/52996\/\">Joaquim Haickel fala sobre &#8216;ch\u00e1 de cadeira&#8217; de Ester Marques<\/a><\/blockquote><iframe sandbox=\"allow-scripts\" security=\"restricted\" src=\"https:\/\/jornalpequeno.blog.br\/johncutrim\/52996\/embed\/#?secret=p5Ha05Jux6\" width=\"600\" height=\"338\" title=\"&#8220;Joaquim Haickel fala sobre &#8216;ch\u00e1 de cadeira&#8217; de Ester Marques&#8221; &#8212; John Cutrim\" data-secret=\"p5Ha05Jux6\" frameborder=\"0\" marginwidth=\"0\" marginheight=\"0\" scrolling=\"no\" class=\"wp-embedded-content\"><\/iframe><script type=\"text\/javascript\">\n\/* <![CDATA[ *\/\n\/*! This file is auto-generated *\/\n!function(d,l){\"use strict\";l.querySelector&&d.addEventListener&&\"undefined\"!=typeof URL&&(d.wp=d.wp||{},d.wp.receiveEmbedMessage||(d.wp.receiveEmbedMessage=function(e){var t=e.data;if((t||t.secret||t.message||t.value)&&!\/[^a-zA-Z0-9]\/.test(t.secret)){for(var s,r,n,a=l.querySelectorAll('iframe[data-secret=\"'+t.secret+'\"]'),o=l.querySelectorAll('blockquote[data-secret=\"'+t.secret+'\"]'),c=new RegExp(\"^https?:$\",\"i\"),i=0;i<o.length;i++)o[i].style.display=\"none\";for(i=0;i<a.length;i++)s=a[i],e.source===s.contentWindow&&(s.removeAttribute(\"style\"),\"height\"===t.message?(1e3<(r=parseInt(t.value,10))?r=1e3:~~r<200&&(r=200),s.height=r):\"link\"===t.message&&(r=new URL(s.getAttribute(\"src\")),n=new URL(t.value),c.test(n.protocol))&&n.host===r.host&&l.activeElement===s&&(d.top.location.href=t.value))}},d.addEventListener(\"message\",d.wp.receiveEmbedMessage,!1),l.addEventListener(\"DOMContentLoaded\",function(){for(var e,t,s=l.querySelectorAll(\"iframe.wp-embedded-content\"),r=0;r<s.length;r++)(t=(e=s[r]).getAttribute(\"data-secret\"))||(t=Math.random().toString(36).substring(2,12),e.src+=\"#?secret=\"+t,e.setAttribute(\"data-secret\",t)),e.contentWindow.postMessage({message:\"ready\",secret:t},\"*\")},!1)))}(window,document);\n\/\/# sourceURL=https:\/\/jornalpequeno.blog.br\/johncutrim\/wp-includes\/js\/wp-embed.min.js\n\/* ]]> *\/\n<\/script>\n","description":"Em coment\u00e1rio enviado ao blog, Joaquim Haickel explica not\u00edcia dada pelo jornalista Henrique B\u00f3is, replicada neste blog, sobre sua longa espera para falar\u00a0com a\u00a0secret\u00e1ria de Estado da Cultura, professora Ester Marques. Haickel confirma, no esclarecimento, que esperou por cerca de 4 horas para ser recebido pela secret\u00e1ria. A \u00edntegra, a seguir, das explica\u00e7\u00f5es de Joaquim. [&hellip;]","thumbnail_url":"http:\/\/hostiliocaio.blog.uol.com.br\/images\/aaaaaaaaaaaaaaaaaajohaiquim.jpg"}